{"id":95,"date":"2014-08-29T14:11:56","date_gmt":"2014-08-29T13:11:56","guid":{"rendered":"http:\/\/www.pilatre-de-rozier.com\/lmab\/?page_id=95"},"modified":"2023-01-25T11:23:18","modified_gmt":"2023-01-25T10:23:18","slug":"pilatre-rozier-organisation","status":"publish","type":"page","link":"https:\/\/www.pilatre-de-rozier.com\/lmab\/pilatre-rozier-organisation\/","title":{"rendered":"Pil\u00e2tre de Rozier Organisation"},"content":{"rendered":"<p>[et_pb_section fb_built=\u00a0\u00bb1&Prime; admin_label=\u00a0\u00bbsection\u00a0\u00bb _builder_version=\u00a0\u00bb4.16&Prime; global_colors_info=\u00a0\u00bb{}\u00a0\u00bb][et_pb_row admin_label=\u00a0\u00bbrow\u00a0\u00bb _builder_version=\u00a0\u00bb4.16&Prime; background_size=\u00a0\u00bbinitial\u00a0\u00bb background_position=\u00a0\u00bbtop_left\u00a0\u00bb background_repeat=\u00a0\u00bbrepeat\u00a0\u00bb global_colors_info=\u00a0\u00bb{}\u00a0\u00bb][et_pb_column type=\u00a0\u00bb4_4&Prime; _builder_version=\u00a0\u00bb4.16&Prime; custom_padding=\u00a0\u00bb|||\u00a0\u00bb global_colors_info=\u00a0\u00bb{}\u00a0\u00bb custom_padding__hover=\u00a0\u00bb|||\u00a0\u00bb][et_pb_text admin_label=\u00a0\u00bbText\u00a0\u00bb _builder_version=\u00a0\u00bb4.19.1&Prime; background_size=\u00a0\u00bbinitial\u00a0\u00bb background_position=\u00a0\u00bbtop_left\u00a0\u00bb background_repeat=\u00a0\u00bbrepeat\u00a0\u00bb hover_enabled=\u00a0\u00bb0&Prime; global_colors_info=\u00a0\u00bb{}\u00a0\u00bb sticky_enabled=\u00a0\u00bb0&Prime;]<\/p>\n<h4 style=\"text-align: left;\"><span style=\"color: #000000;\"><strong>Le Grand Est Mondial Air Ballons\u00ae<\/strong><\/span><\/h4>\n<p style=\"text-align: left;\"><span style=\"color: #000000;\">Depui<a href=\"https:\/\/www.pilatre-de-rozier.com\/lmab\/wp-content\/uploads\/sites\/2\/2014\/08\/logoPILATRE_DE_ROZIER.png\"><img decoding=\"async\" class=\"wp-image-4085 alignright lazyload\" data-src=\"https:\/\/www.pilatre-de-rozier.com\/lmab\/wp-content\/uploads\/sites\/2\/2014\/08\/logoPILATRE_DE_ROZIER-321x500.png\" alt=\"\" width=\"102\" height=\"159\" data-srcset=\"https:\/\/www.pilatre-de-rozier.com\/lmab\/wp-content\/uploads\/sites\/2\/2014\/08\/logoPILATRE_DE_ROZIER-321x500.png 321w, https:\/\/www.pilatre-de-rozier.com\/lmab\/wp-content\/uploads\/sites\/2\/2014\/08\/logoPILATRE_DE_ROZIER-768x1196.png 768w, https:\/\/www.pilatre-de-rozier.com\/lmab\/wp-content\/uploads\/sites\/2\/2014\/08\/logoPILATRE_DE_ROZIER-385x600.png 385w, https:\/\/www.pilatre-de-rozier.com\/lmab\/wp-content\/uploads\/sites\/2\/2014\/08\/logoPILATRE_DE_ROZIER-1233x1920.png 1233w, https:\/\/www.pilatre-de-rozier.com\/lmab\/wp-content\/uploads\/sites\/2\/2014\/08\/logoPILATRE_DE_ROZIER-600x934.png 600w, https:\/\/www.pilatre-de-rozier.com\/lmab\/wp-content\/uploads\/sites\/2\/2014\/08\/logoPILATRE_DE_ROZIER-169x263.png 169w, https:\/\/www.pilatre-de-rozier.com\/lmab\/wp-content\/uploads\/sites\/2\/2014\/08\/logoPILATRE_DE_ROZIER-231x360.png 231w, https:\/\/www.pilatre-de-rozier.com\/lmab\/wp-content\/uploads\/sites\/2\/2014\/08\/logoPILATRE_DE_ROZIER-360x560.png 360w, https:\/\/www.pilatre-de-rozier.com\/lmab\/wp-content\/uploads\/sites\/2\/2014\/08\/logoPILATRE_DE_ROZIER-263x409.png 263w, https:\/\/www.pilatre-de-rozier.com\/lmab\/wp-content\/uploads\/sites\/2\/2014\/08\/logoPILATRE_DE_ROZIER.png 1897w\" data-sizes=\"(max-width: 102px) 100vw, 102px\" src=\"data:image\/svg+xml;base64,PHN2ZyB3aWR0aD0iMSIgaGVpZ2h0PSIxIiB4bWxucz0iaHR0cDovL3d3dy53My5vcmcvMjAwMC9zdmciPjwvc3ZnPg==\" style=\"--smush-placeholder-width: 102px; --smush-placeholder-aspect-ratio: 102\/159;\" \/><\/a>s plus de 30 ans, Pil\u00e2tre de Rozier Organisation g\u00e8re l\u2019ensemble de l\u2019organisation, de la commercialisation et de la communication du Grand Est Mondial Air Ballons\u00ae. <\/span><\/p>\n<p style=\"text-align: left;\"><span style=\"color: #000000;\">Ce rendez-vous plan\u00e9taire qui a lieu tous les deux ans, rassemble des centaines de pilotes et de montgolfi\u00e8res venant du monde entier.<\/span><\/p>\n<h4 style=\"text-align: left;\"><strong><span style=\"color: #000000;\"><br \/>Toute l&rsquo;ann\u00e9e<\/span><\/strong><\/h4>\n<p style=\"text-align: left;\"><span style=\"color: #000000;\">Pil\u00e2tre de Rozier Organisation est implant\u00e9 sur l&rsquo;a\u00e9rodrome de Chambley au c\u0153ur du Parc Naturel R\u00e9gional de Lorraine (entre Verdun, Metz et Nancy) depuis 1993 et y a install\u00e9 ses bureaux permanents en 2008.<\/span><\/p>\n<p style=\"text-align: left;\"><span style=\"color: #000000;\">Sept salari\u00e9s travaillent quotidiennement dans les locaux et hangars de 2400<span class=\"nowrap\">m<sup>2<\/sup><\/span>, en bord de piste. Si la pr\u00e9paration du Grand Est Mondial Air Ballons\u00ae est une part importante de l\u2019activit\u00e9, le site est une destination \u00e0 l\u2019ann\u00e9e car l\u2019entreprise propose de nombreux autres produits.<\/span><\/p>\n<h4 style=\"text-align: left;\"><strong><span style=\"color: #000000;\"><br \/>Des montgolfi\u00e8res<\/span><\/strong><\/h4>\n<p style=\"text-align: left;\"><span style=\"color: #000000;\"><strong>Sp\u00e9cialiste de la montgolfi\u00e8re<\/strong> depuis plus de 30 ans, elle g\u00e8re <strong>une flotte de ballons<\/strong>, pour le compte de collectivit\u00e9s et d\u2019entreprises.<\/span><\/p>\n<p style=\"text-align: left;\"><span style=\"color: #000000;\">Elle fait voler ces montgolfi\u00e8res et les passagers dans le Grand Est, en Europe et dans le monde entier.<\/span><\/p>\n<p style=\"text-align: left;\"><span style=\"color: #000000;\">Pil\u00e2tre de Rozier Organisation est \u00e9galement <strong>importateur de ballons <\/strong>(marque am\u00e9ricaine Head Balloons), et g\u00e8re un atelier d\u2019entretien et de maintenance de montgolfi\u00e8res agr\u00e9\u00e9.<\/span><\/p>\n<p style=\"text-align: left;\"><span style=\"color: #000000;\">L\u2019entreprise est aussi organisatrice d\u2019\u00e9v\u00e9nements, cabinet de relations publiques et presse, et loue des espaces pour r\u00e9aliser des s\u00e9minaires ou des conf\u00e9rences pour tous types d\u2019organismes.<\/span><\/p>\n<h4 style=\"text-align: left;\"><strong><span style=\"color: #000000;\"><br \/>P\u00e9dagogie, Formation &amp; Ressources<\/span><\/strong><\/h4>\n<p style=\"text-align: left;\"><span style=\"color: #000000;\">Des <strong>visites \u00e9ducatives<\/strong> ont r\u00e9guli\u00e8rement lieu dans l\u2019A\u00e9romus\u00e9e (mus\u00e9e Pil\u00e2tre de Rozier) en partenariat avec le Parc Naturel R\u00e9gional de Lorraine et l\u2019\u00c9ducation Nationale avec le label \u00ab\u00a0Charte \u00c9ducation\u00a0\u00bb.<\/span><\/p>\n<p style=\"text-align: left;\"><span style=\"color: #000000;\">Les ateliers p\u00e9dagogiques font d\u00e9couvrir le monde de l\u2019air \u00e0 travers jeux de piste, confection de mini-ballons, explications scientifiques et histoire de la montgolfi\u00e8re.<\/span><\/p>\n<p style=\"text-align: left;\"><span style=\"color: #000000;\">L\u2019entreprise dispose en outre d&rsquo;un <strong>Centre de Formation<\/strong>. Cette structure offre une double comp\u00e9tence en mati\u00e8re de th\u00e9matiques d\u2019enseignement : a\u00e9ronautique et communication.<\/span><\/p>\n<p style=\"text-align: left;\"><span style=\"color: #000000;\">En effet, elle propose des formations dans deux d\u00e9partements distincts : <strong>l\u2019\u00c9cole Internationale A\u00e9rostatique<\/strong> (E.I.A.) cr\u00e9\u00e9e en 1983 qui a d\u00e9j\u00e0 form\u00e9 pr\u00e8s de 70 pilotes fran\u00e7ais et \u00e9trangers, et <strong>les Ateliers De Communication<\/strong> (A.D.C.) notamment dans les domaines num\u00e9riques et strat\u00e9giques.<\/span><\/p>\n<p style=\"text-align: left;\"><span style=\"color: #000000;\">Un <strong>centre de ressources<\/strong> (images, photos, textes et ouvrages), unique au monde, en voie de num\u00e9risation renferme une importante collection de documents historiques relatifs \u00e0 l&rsquo;a\u00e9ronautique et \u00e0 l&rsquo;a\u00e9rostation.<\/span><\/p>\n<p style=\"text-align: left;\"><span style=\"color: #000000;\">Un <strong>p\u00f4le d\u2019excellence<\/strong> sur un a\u00e9rodrome en lien avec les autres disciplines a\u00e9ronautiques pratiqu\u00e9es sur le site, l\u2019\u00e9quipe Pil\u00e2tre de Rozier vous donne rendez-vous toute l\u2019ann\u00e9e sur l&rsquo;a\u00e9rodrome de Chambley !<\/span><\/p>\n<p>[\/et_pb_text][\/et_pb_column][\/et_pb_row][\/et_pb_section]<\/p>\n","protected":false},"excerpt":{"rendered":"<p>Le Grand Est Mondial Air Ballons\u00ae Depuis plus de 30 ans, Pil\u00e2tre de Rozier Organisation g\u00e8re l\u2019ensemble de l\u2019organisation, de la commercialisation et de la communication du Grand Est Mondial Air Ballons\u00ae. Ce rendez-vous plan\u00e9taire qui a lieu tous les deux ans, rassemble des centaines de pilotes et de montgolfi\u00e8res venant du monde entier. Toute [&hellip;]<\/p>\n","protected":false},"author":4,"featured_media":0,"parent":0,"menu_order":0,"comment_status":"open","ping_status":"open","template":"","meta":{"_et_pb_use_builder":"on","_et_pb_old_content":"[vc_row][vc_column width=\"1\/6\"][\/vc_column][vc_column width=\"4\/6\"][movedo_icon_box icon_box_type=\"side-icon\" icon_fontawesome=\"fas fa-question\" icon_color=\"primary-6\" title=\"Qui sommes-nous ?\" heading_tag=\"h2\" heading=\"h2\" animation=\"grve-fade-in-left\"][\/movedo_icon_box][movedo_empty_space][vc_column_text]\r\n<h4 style=\"text-align: justify\"><span style=\"color: #000000\"><strong>Le Grand Est Mondial Air Ballons\u00ae<\/strong><\/span><\/h4>\r\n<p style=\"text-align: justify\"><span style=\"color: #000000\">Depui<a href=\"https:\/\/www.pilatre-de-rozier.com\/lmab\/wp-content\/uploads\/sites\/2\/2014\/08\/logoPILATRE_DE_ROZIER.png\"><img class=\"wp-image-4085 alignright\" src=\"https:\/\/www.pilatre-de-rozier.com\/lmab\/wp-content\/uploads\/sites\/2\/2014\/08\/logoPILATRE_DE_ROZIER-321x500.png\" alt=\"\" width=\"102\" height=\"159\" \/><\/a>s plus de 30 ans, Pil\u00e2tre de Rozier Organisation g\u00e8re l\u2019ensemble de l\u2019organisation, de la commercialisation et de la communication du Grand Est Mondial Air Ballons\u00ae. <\/span><\/p>\r\n<p style=\"text-align: justify\"><span style=\"color: #000000\">Ce rendez-vous plan\u00e9taire qui a lieu tous les deux ans, rassemble des centaines de pilotes et de montgolfi\u00e8res venant du monde entier.<\/span><\/p>\r\n\r\n<h4 style=\"text-align: justify\"><strong><span style=\"color: #000000\">\r\nToute l'ann\u00e9e<\/span><\/strong><\/h4>\r\n<p style=\"text-align: justify\"><span style=\"color: #000000\">Pil\u00e2tre de Rozier Organisation est implant\u00e9 sur l'a\u00e9rodrome de Chambley au c\u0153ur du Parc Naturel R\u00e9gional de Lorraine (entre Verdun, Metz et Nancy) depuis 1993 et y a install\u00e9 ses bureaux permanents en 2008.<\/span><\/p>\r\n<p style=\"text-align: justify\"><span style=\"color: #000000\">Sept salari\u00e9s travaillent quotidiennement dans les locaux et hangars de 2400<span class=\"nowrap\">m<sup>2<\/sup><\/span>, en bord de piste. Si la pr\u00e9paration du Grand Est Mondial Air Ballons\u00ae est une part importante de l\u2019activit\u00e9, le site est une destination \u00e0 l\u2019ann\u00e9e car l\u2019entreprise propose de nombreux autres produits.<\/span><\/p>\r\n\r\n<h4 style=\"text-align: justify\"><strong><span style=\"color: #000000\">\r\nDes montgolfi\u00e8res<\/span><\/strong><\/h4>\r\n<p style=\"text-align: justify\"><span style=\"color: #000000\"><strong>Sp\u00e9cialiste de la montgolfi\u00e8re<\/strong> depuis plus de 30 ans, elle g\u00e8re <strong>une flotte de ballons<\/strong>, pour le compte de collectivit\u00e9s et d\u2019entreprises.<\/span><\/p>\r\n<p style=\"text-align: justify\"><span style=\"color: #000000\">Elle fait voler ces montgolfi\u00e8res et les passagers dans le Grand Est, en Europe et dans le monde entier.<\/span><\/p>\r\n<p style=\"text-align: justify\"><span style=\"color: #000000\">Pil\u00e2tre de Rozier Organisation est \u00e9galement <strong>importateur de ballons <\/strong>(marque am\u00e9ricaine Head Balloons), et g\u00e8re un atelier d\u2019entretien et de maintenance de montgolfi\u00e8res agr\u00e9\u00e9.<\/span><\/p>\r\n<p style=\"text-align: justify\"><span style=\"color: #000000\">L\u2019entreprise est aussi organisatrice d\u2019\u00e9v\u00e9nements, cabinet de relations publiques et presse, et loue des espaces pour r\u00e9aliser des s\u00e9minaires ou des conf\u00e9rences pour tous types d\u2019organismes.<\/span><\/p>\r\n\r\n<h4 style=\"text-align: justify\"><strong><span style=\"color: #000000\">\r\nP\u00e9dagogie, Formation &amp; Ressources<\/span><\/strong><\/h4>\r\n<p style=\"text-align: justify\"><span style=\"color: #000000\">Des <strong>visites \u00e9ducatives<\/strong> ont r\u00e9guli\u00e8rement lieu dans l\u2019A\u00e9romus\u00e9e (mus\u00e9e Pil\u00e2tre de Rozier) en partenariat avec le Parc Naturel R\u00e9gional de Lorraine et l\u2019\u00c9ducation Nationale avec le label \"Charte \u00c9ducation\".<\/span><\/p>\r\n<p style=\"text-align: justify\"><span style=\"color: #000000\">Les ateliers p\u00e9dagogiques font d\u00e9couvrir le monde de l\u2019air \u00e0 travers jeux de piste, confection de mini-ballons, explications scientifiques et histoire de la montgolfi\u00e8re.<\/span><\/p>\r\n<p style=\"text-align: justify\"><span style=\"color: #000000\">L\u2019entreprise dispose en outre d'un <strong>Centre de Formation<\/strong>. Cette structure offre une double comp\u00e9tence en mati\u00e8re de th\u00e9matiques d\u2019enseignement : a\u00e9ronautique et communication.<\/span><\/p>\r\n<p style=\"text-align: justify\"><span style=\"color: #000000\">En effet, elle propose des formations dans deux d\u00e9partements distincts : <strong>l\u2019\u00c9cole Internationale A\u00e9rostatique<\/strong> (E.I.A.) cr\u00e9\u00e9e en 1983 qui a d\u00e9j\u00e0 form\u00e9 pr\u00e8s de 70 pilotes fran\u00e7ais et \u00e9trangers, et <strong>les Ateliers De Communication<\/strong> (A.D.C.) notamment dans les domaines num\u00e9riques et strat\u00e9giques.<\/span><\/p>\r\n<p style=\"text-align: justify\"><span style=\"color: #000000\">Un <strong>centre de ressources<\/strong> (images, photos, textes et ouvrages), unique au monde, en voie de num\u00e9risation renferme une importante collection de documents historiques relatifs \u00e0 l'a\u00e9ronautique et \u00e0 l'a\u00e9rostation.<\/span><\/p>\r\n<p style=\"text-align: justify\"><span style=\"color: #000000\">Un <strong>p\u00f4le d\u2019excellence<\/strong> sur un a\u00e9rodrome en lien avec les autres disciplines a\u00e9ronautiques pratiqu\u00e9es sur le site, l\u2019\u00e9quipe Pil\u00e2tre de Rozier vous donne rendez-vous toute l\u2019ann\u00e9e sur l'a\u00e9rodrome de Chambley !<\/span><\/p>\r\n[\/vc_column_text][movedo_empty_space][movedo_divider][movedo_empty_space][movedo_icon_box icon_box_type=\"side-icon\" icon_size=\"large\" icon_fontawesome=\"far fa-envelope\" icon_color=\"primary-6\" title=\"Prenez-contact\" heading_tag=\"h2\" text_style=\"leader-text\" animation=\"grve-fade-in-left\"]Vous avez un projet, une id\u00e9e, une h\u00e9sitation... n'h\u00e9sitez pas, envoyez-nous un message.[\/movedo_icon_box][movedo_empty_space][vc_column_text][forminator_form id=\"7454\"][\/vc_column_text][\/vc_column][vc_column width=\"1\/6\"][\/vc_column][\/vc_row]","_et_gb_content_width":"","footnotes":""},"class_list":["post-95","page","type-page","status-publish","hentry"],"_links":{"self":[{"href":"https:\/\/www.pilatre-de-rozier.com\/lmab\/wp-json\/wp\/v2\/pages\/95","targetHints":{"allow":["GET"]}}],"collection":[{"href":"https:\/\/www.pilatre-de-rozier.com\/lmab\/wp-json\/wp\/v2\/pages"}],"about":[{"href":"https:\/\/www.pilatre-de-rozier.com\/lmab\/wp-json\/wp\/v2\/types\/page"}],"author":[{"embeddable":true,"href":"https:\/\/www.pilatre-de-rozier.com\/lmab\/wp-json\/wp\/v2\/users\/4"}],"replies":[{"embeddable":true,"href":"https:\/\/www.pilatre-de-rozier.com\/lmab\/wp-json\/wp\/v2\/comments?post=95"}],"version-history":[{"count":3,"href":"https:\/\/www.pilatre-de-rozier.com\/lmab\/wp-json\/wp\/v2\/pages\/95\/revisions"}],"predecessor-version":[{"id":16012,"href":"https:\/\/www.pilatre-de-rozier.com\/lmab\/wp-json\/wp\/v2\/pages\/95\/revisions\/16012"}],"wp:attachment":[{"href":"https:\/\/www.pilatre-de-rozier.com\/lmab\/wp-json\/wp\/v2\/media?parent=95"}],"curies":[{"name":"wp","href":"https:\/\/api.w.org\/{rel}","templated":true}]}}